{"id":183,"date":"2014-05-08T21:35:07","date_gmt":"2014-05-08T18:35:07","guid":{"rendered":"http:\/\/www.rtvry.fi\/?page_id=183"},"modified":"2019-08-14T13:45:12","modified_gmt":"2019-08-14T10:45:12","slug":"moottoriveneet","status":"publish","type":"page","link":"https:\/\/www.rtvry.fi\/?page_id=183","title":{"rendered":"Moottoriveneet"},"content":{"rendered":"<p>Haluatko veneesi RTV:n venegalleriaan? Jos haluat, l\u00e4het\u00e4 veneesi ja omistajan tiedot sek\u00e4 veneen kuva osoitteeseen lauri(at)jalonen.org.<\/p>\n<p>&nbsp;<\/p>\n<table style=\"height: 538px;\" width=\"610\">\n<tbody>\n<tr>\n<td><a href=\"https:\/\/www.rtvry.fi\/?attachment_id=1061\" rel=\"attachment wp-att-1061\"><img decoding=\"async\" loading=\"lazy\" class=\"alignleft size-medium wp-image-1061\" src=\"https:\/\/www.rtvry.fi\/wp-content\/uploads\/2019\/08\/Elli-300x225.jpg\" alt=\"\" width=\"300\" height=\"225\" srcset=\"https:\/\/www.rtvry.fi\/wp-content\/uploads\/2019\/08\/Elli-300x225.jpg 300w, https:\/\/www.rtvry.fi\/wp-content\/uploads\/2019\/08\/Elli-768x576.jpg 768w, https:\/\/www.rtvry.fi\/wp-content\/uploads\/2019\/08\/Elli-1024x768.jpg 1024w, https:\/\/www.rtvry.fi\/wp-content\/uploads\/2019\/08\/Elli.jpg 1600w\" sizes=\"(max-width: 300px) 100vw, 300px\" \/><\/a><br \/>\n<strong>Elli<\/strong><br \/>\nMerkki\/malli:\u00a0Triton 36<br \/>\nOmistaja(t): Jaana ja Rami Kuusisto<\/td>\n<\/tr>\n<tr>\n<td><\/td>\n<\/tr>\n<tr>\n<td><a href=\"http:\/\/www.rtvry.fi\/wp-content\/uploads\/2014\/05\/DSC_0444.jpg\" rel=\"attachment wp-att-720\"><img decoding=\"async\" loading=\"lazy\" class=\"alignleft size-medium wp-image-720\" src=\"http:\/\/www.rtvry.fi\/wp-content\/uploads\/2014\/05\/DSC_0444-300x169.jpg\" alt=\"dsc_0444\" width=\"300\" height=\"169\" srcset=\"https:\/\/www.rtvry.fi\/wp-content\/uploads\/2014\/05\/DSC_0444-300x169.jpg 300w, https:\/\/www.rtvry.fi\/wp-content\/uploads\/2014\/05\/DSC_0444-768x432.jpg 768w, https:\/\/www.rtvry.fi\/wp-content\/uploads\/2014\/05\/DSC_0444-1024x576.jpg 1024w, https:\/\/www.rtvry.fi\/wp-content\/uploads\/2014\/05\/DSC_0444-646x363.jpg 646w\" sizes=\"(max-width: 300px) 100vw, 300px\" \/><\/a><br \/>\n<strong>Maria<\/strong><br \/>\nMerkki\/malli:\u00a0Fairline 32<br \/>\nOmistaja(t): Juha Heino<\/td>\n<\/tr>\n<tr>\n<td><\/td>\n<\/tr>\n<tr>\n<td><a href=\"http:\/\/www.rtvry.fi\/wp-content\/uploads\/2014\/05\/2016-06-17_20.07.151.jpg\" rel=\"attachment wp-att-704\"><img decoding=\"async\" loading=\"lazy\" class=\"alignleft size-medium wp-image-704\" src=\"http:\/\/www.rtvry.fi\/wp-content\/uploads\/2014\/05\/2016-06-17_20.07.151-300x225.jpg\" alt=\"2016-06-17_20.07.151\" width=\"300\" height=\"225\" srcset=\"https:\/\/www.rtvry.fi\/wp-content\/uploads\/2014\/05\/2016-06-17_20.07.151-300x225.jpg 300w, https:\/\/www.rtvry.fi\/wp-content\/uploads\/2014\/05\/2016-06-17_20.07.151.jpg 400w\" sizes=\"(max-width: 300px) 100vw, 300px\" \/><\/a><a href=\"http:\/\/www.rtvry.fi\/wp-content\/uploads\/2014\/05\/Retu.jpg\" rel=\"attachment wp-att-617\"><br \/>\n<\/a><strong>Tilta<\/strong><br \/>\nMerkki\/malli:\u00a0Finnsport 8500 Cruiser<br \/>\nOmistaja(t): Outi ja Tapio Tarkia<\/td>\n<\/tr>\n<tr>\n<td><\/td>\n<\/tr>\n<tr>\n<td><a href=\"http:\/\/www.rtvry.fi\/wp-content\/uploads\/2014\/05\/Retu.jpg\" rel=\"attachment wp-att-617\"><img decoding=\"async\" loading=\"lazy\" class=\"alignleft size-medium wp-image-617\" src=\"http:\/\/www.rtvry.fi\/wp-content\/uploads\/2014\/05\/Retu-300x225.jpg\" alt=\"Retu\" width=\"300\" height=\"225\" srcset=\"https:\/\/www.rtvry.fi\/wp-content\/uploads\/2014\/05\/Retu-300x225.jpg 300w, https:\/\/www.rtvry.fi\/wp-content\/uploads\/2014\/05\/Retu-768x576.jpg 768w, https:\/\/www.rtvry.fi\/wp-content\/uploads\/2014\/05\/Retu.jpg 906w\" sizes=\"(max-width: 300px) 100vw, 300px\" \/><\/a><\/p>\n<p><strong>Belleza<\/strong><br \/>\nMerkki\/malli: West-Coast 1005 FB<br \/>\nOmistaja(t): Kari Renvall<\/td>\n<\/tr>\n<tr>\n<td><\/td>\n<\/tr>\n<tr>\n<td><a href=\"http:\/\/www.rtvry.fi\/wp-content\/uploads\/2014\/05\/Meritahti-II.jpg\" rel=\"attachment wp-att-699\"><img decoding=\"async\" loading=\"lazy\" class=\"alignleft size-medium wp-image-699\" src=\"http:\/\/www.rtvry.fi\/wp-content\/uploads\/2014\/05\/Meritahti-II-300x169.jpg\" alt=\"Meritahti II\" width=\"300\" height=\"169\" srcset=\"https:\/\/www.rtvry.fi\/wp-content\/uploads\/2014\/05\/Meritahti-II-300x169.jpg 300w, https:\/\/www.rtvry.fi\/wp-content\/uploads\/2014\/05\/Meritahti-II-768x432.jpg 768w, https:\/\/www.rtvry.fi\/wp-content\/uploads\/2014\/05\/Meritahti-II-1024x576.jpg 1024w, https:\/\/www.rtvry.fi\/wp-content\/uploads\/2014\/05\/Meritahti-II-646x363.jpg 646w, https:\/\/www.rtvry.fi\/wp-content\/uploads\/2014\/05\/Meritahti-II.jpg 1374w\" sizes=\"(max-width: 300px) 100vw, 300px\" \/><\/a><strong>Merit\u00e4hti II<\/strong><br \/>\nMerkki\/malli: Finnsport 8500 Cruiser<br \/>\nOmistaja(t): Minna ja Pekka Lehtinen<\/td>\n<\/tr>\n<tr>\n<td><\/td>\n<\/tr>\n<tr>\n<td><strong><a href=\"http:\/\/www.rtvry.fi\/?attachment_id=1058#main\" rel=\"attachment wp-att-1058\"><img decoding=\"async\" loading=\"lazy\" class=\"alignleft size-medium wp-image-1058\" src=\"http:\/\/www.rtvry.fi\/wp-content\/uploads\/2019\/06\/SeaHorse-159x300.jpeg\" alt=\"\" width=\"159\" height=\"300\" srcset=\"https:\/\/www.rtvry.fi\/wp-content\/uploads\/2019\/06\/SeaHorse-159x300.jpeg 159w, https:\/\/www.rtvry.fi\/wp-content\/uploads\/2019\/06\/SeaHorse-542x1024.jpeg 542w, https:\/\/www.rtvry.fi\/wp-content\/uploads\/2019\/06\/SeaHorse.jpeg 677w\" sizes=\"(max-width: 159px) 100vw, 159px\" \/><\/a>Seahorse<\/strong><br \/>\nMerkki\/malli: Ter\u00e4s (W\u00e4rtsil\u00e4n Turun telakka)<br \/>\nOmistaja(t): Tanja ja Uki Lilja<\/td>\n<\/tr>\n<tr>\n<td><\/td>\n<\/tr>\n<tr>\n<td><a href=\"http:\/\/www.rtvry.fi\/wp-content\/uploads\/2014\/05\/IMG_7039.jpg\"><img decoding=\"async\" loading=\"lazy\" class=\"alignleft size-medium wp-image-426\" src=\"http:\/\/www.rtvry.fi\/wp-content\/uploads\/2014\/05\/IMG_7039-223x300.jpg\" alt=\"IMG_7039\" width=\"223\" height=\"300\" srcset=\"https:\/\/www.rtvry.fi\/wp-content\/uploads\/2014\/05\/IMG_7039-223x300.jpg 223w, https:\/\/www.rtvry.fi\/wp-content\/uploads\/2014\/05\/IMG_7039.jpg 358w\" sizes=\"(max-width: 223px) 100vw, 223px\" \/><\/a><strong>Janes III<\/strong><br \/>\nMerkki\/malli: Sea Ray 260 Sundancer -03<br \/>\nOmistaja(t): Timo Salmela<\/td>\n<\/tr>\n<tr>\n<td><\/td>\n<\/tr>\n<tr>\n<td><a href=\"http:\/\/www.rtvry.fi\/wp-content\/uploads\/2014\/05\/P9040198.jpg\"><img decoding=\"async\" loading=\"lazy\" class=\"alignleft size-medium wp-image-413\" src=\"http:\/\/www.rtvry.fi\/wp-content\/uploads\/2014\/05\/P9040198-300x224.jpg\" alt=\"OLYMPUS DIGITAL CAMERA\" width=\"300\" height=\"224\" srcset=\"https:\/\/www.rtvry.fi\/wp-content\/uploads\/2014\/05\/P9040198-300x224.jpg 300w, https:\/\/www.rtvry.fi\/wp-content\/uploads\/2014\/05\/P9040198-1024x768.jpg 1024w\" sizes=\"(max-width: 300px) 100vw, 300px\" \/><\/a><strong>JoTe<\/strong><br \/>\nMerkki\/malli: Sea-Ray 21<br \/>\nOmistaja(t): Riikka Salminen ja Teppo Rytk\u00f6l\u00e4<\/td>\n<\/tr>\n<tr>\n<td><\/td>\n<\/tr>\n<tr>\n<td><a href=\"http:\/\/www.rtvry.fi\/wp-content\/uploads\/2014\/05\/001.jpg\"><img decoding=\"async\" loading=\"lazy\" class=\"alignleft size-medium wp-image-321\" src=\"http:\/\/www.rtvry.fi\/wp-content\/uploads\/2014\/05\/001-300x225.jpg\" alt=\"OLYMPUS DIGITAL CAMERA\" width=\"300\" height=\"225\" srcset=\"https:\/\/www.rtvry.fi\/wp-content\/uploads\/2014\/05\/001-300x225.jpg 300w, https:\/\/www.rtvry.fi\/wp-content\/uploads\/2014\/05\/001-1024x768.jpg 1024w\" sizes=\"(max-width: 300px) 100vw, 300px\" \/><\/a><br \/>\nMerkki\/malli: Tresfjord Nova Senja II<br \/>\nOmistaja(t): Mikko ja Heli Rytk\u00f6l\u00e4<\/td>\n<\/tr>\n<tr>\n<td><\/td>\n<\/tr>\n<tr>\n<td><a href=\"http:\/\/www.rtvry.fi\/wp-content\/uploads\/2014\/05\/Nemo.jpg\"><img decoding=\"async\" loading=\"lazy\" class=\"alignleft size-medium wp-image-311\" src=\"http:\/\/www.rtvry.fi\/wp-content\/uploads\/2014\/05\/Nemo-300x168.jpg\" alt=\"Nemo\" width=\"300\" height=\"168\" srcset=\"https:\/\/www.rtvry.fi\/wp-content\/uploads\/2014\/05\/Nemo-300x168.jpg 300w, https:\/\/www.rtvry.fi\/wp-content\/uploads\/2014\/05\/Nemo-646x363.jpg 646w, https:\/\/www.rtvry.fi\/wp-content\/uploads\/2014\/05\/Nemo.jpg 960w\" sizes=\"(max-width: 300px) 100vw, 300px\" \/><\/a><strong>Nemo<\/strong><br \/>\nMerkki\/malli: Cheyenne v 200 vm 2014<br \/>\nOmistaja(t): Mila Varis<\/td>\n<\/tr>\n<tr>\n<td><\/td>\n<\/tr>\n<tr>\n<td><a href=\"http:\/\/www.rtvry.fi\/wp-content\/uploads\/2014\/05\/Hapsu.jpg\"><img decoding=\"async\" loading=\"lazy\" class=\"alignleft size-medium wp-image-309\" src=\"http:\/\/www.rtvry.fi\/wp-content\/uploads\/2014\/05\/Hapsu-300x169.jpg\" alt=\"Hapsu\" width=\"300\" height=\"169\" srcset=\"https:\/\/www.rtvry.fi\/wp-content\/uploads\/2014\/05\/Hapsu-300x169.jpg 300w, https:\/\/www.rtvry.fi\/wp-content\/uploads\/2014\/05\/Hapsu-1024x576.jpg 1024w, https:\/\/www.rtvry.fi\/wp-content\/uploads\/2014\/05\/Hapsu-646x363.jpg 646w, https:\/\/www.rtvry.fi\/wp-content\/uploads\/2014\/05\/Hapsu.jpg 1136w\" sizes=\"(max-width: 300px) 100vw, 300px\" \/><\/a><strong>Hapsu<\/strong><br \/>\nMerkki\/malli: Bayliner 2651 ciera sunbridge<br \/>\nOmistaja(t): Sakari Varis<\/td>\n<\/tr>\n<tr>\n<td><\/td>\n<\/tr>\n<tr>\n<td><a href=\"http:\/\/www.rtvry.fi\/wp-content\/uploads\/2014\/05\/464.jpg\"><img decoding=\"async\" loading=\"lazy\" class=\"alignleft size-medium wp-image-301\" src=\"http:\/\/www.rtvry.fi\/wp-content\/uploads\/2014\/05\/464-300x200.jpg\" alt=\"464\" width=\"300\" height=\"200\" srcset=\"https:\/\/www.rtvry.fi\/wp-content\/uploads\/2014\/05\/464-300x200.jpg 300w, https:\/\/www.rtvry.fi\/wp-content\/uploads\/2014\/05\/464-1024x682.jpg 1024w\" sizes=\"(max-width: 300px) 100vw, 300px\" \/><\/a><br \/>\n<strong>LINDA<\/strong><br \/>\nMerkki\/malli: Beafort 800 \/ omavalmiste<br \/>\nOmistaja(t): Kari ja Eija Lehtinen<\/td>\n<\/tr>\n<tr>\n<td><\/td>\n<\/tr>\n<tr>\n<td><a href=\"http:\/\/www.rtvry.fi\/wp-content\/uploads\/2014\/05\/462.jpg\"><img decoding=\"async\" loading=\"lazy\" class=\"alignleft size-medium wp-image-300\" src=\"http:\/\/www.rtvry.fi\/wp-content\/uploads\/2014\/05\/462-300x200.jpg\" alt=\"462\" width=\"300\" height=\"200\" srcset=\"https:\/\/www.rtvry.fi\/wp-content\/uploads\/2014\/05\/462-300x200.jpg 300w, https:\/\/www.rtvry.fi\/wp-content\/uploads\/2014\/05\/462-1024x682.jpg 1024w\" sizes=\"(max-width: 300px) 100vw, 300px\" \/><\/a><br \/>\n<strong>MERILOKKI<\/strong><br \/>\nMerkki\/malli:<br \/>\nOmistaja(t): Pauli Lehtinen<\/td>\n<\/tr>\n<tr>\n<td><\/td>\n<\/tr>\n<tr>\n<td><\/td>\n<\/tr>\n<tr>\n<td><strong>NIPSU III<img decoding=\"async\" loading=\"lazy\" class=\"alignleft size-medium wp-image-281\" src=\"http:\/\/www.rtvry.fi\/wp-content\/uploads\/2014\/05\/Nipsu-III-300x225.jpg\" alt=\"Nipsu III\" width=\"300\" height=\"225\" srcset=\"https:\/\/www.rtvry.fi\/wp-content\/uploads\/2014\/05\/Nipsu-III-300x225.jpg 300w, https:\/\/www.rtvry.fi\/wp-content\/uploads\/2014\/05\/Nipsu-III.jpg 640w\" sizes=\"(max-width: 300px) 100vw, 300px\" \/><\/strong><br \/>\nMerkki\/malli: Bella 660<br \/>\nOmistaja(t): Pasi ja Marja Siltanen<\/td>\n<\/tr>\n<tr>\n<td><\/td>\n<\/tr>\n<tr>\n<td><\/td>\n<\/tr>\n<tr>\n<td><a href=\"http:\/\/www.rtvry.fi\/wp-content\/uploads\/2014\/05\/FinSea.jpg\"><img decoding=\"async\" loading=\"lazy\" class=\"alignleft size-medium wp-image-241\" src=\"http:\/\/www.rtvry.fi\/wp-content\/uploads\/2014\/05\/FinSea-300x156.jpg\" alt=\"FinSea\" width=\"300\" height=\"156\" srcset=\"https:\/\/www.rtvry.fi\/wp-content\/uploads\/2014\/05\/FinSea-300x156.jpg 300w, https:\/\/www.rtvry.fi\/wp-content\/uploads\/2014\/05\/FinSea.jpg 636w\" sizes=\"(max-width: 300px) 100vw, 300px\" \/><\/a><strong>KARIN<\/strong><br \/>\nMerkki\/malli: FinnSea 34, ter\u00e4s\/omavalmiste<br \/>\nOmistaja(t):\u00a0Pentti ja Liisa Nurmi<\/td>\n<\/tr>\n<tr>\n<td><\/td>\n<\/tr>\n<tr>\n<td><a href=\"http:\/\/www.rtvry.fi\/wp-content\/uploads\/2014\/05\/Peku.jpg\"><img decoding=\"async\" loading=\"lazy\" class=\"alignleft size-medium wp-image-243\" src=\"http:\/\/www.rtvry.fi\/wp-content\/uploads\/2014\/05\/Peku-300x144.jpg\" alt=\"Peku\" width=\"300\" height=\"144\" srcset=\"https:\/\/www.rtvry.fi\/wp-content\/uploads\/2014\/05\/Peku-300x144.jpg 300w, https:\/\/www.rtvry.fi\/wp-content\/uploads\/2014\/05\/Peku.jpg 449w\" sizes=\"(max-width: 300px) 100vw, 300px\" \/><\/a><strong>PEKU<\/strong><br \/>\nMerkki\/malli:<br \/>\nOmistaja(t):\u00a0Pekka Santonen<\/td>\n<\/tr>\n<\/tbody>\n<\/table>\n","protected":false},"excerpt":{"rendered":"<p>Haluatko veneesi RTV:n venegalleriaan? Jos haluat, l\u00e4het\u00e4 veneesi ja omistajan tiedot sek\u00e4 veneen kuva osoitteeseen lauri(at)jalonen.org. &nbsp; Elli Merkki\/malli:\u00a0Triton 36 Omistaja(t): Jaana ja Rami Kuusisto Maria Merkki\/malli:\u00a0Fairline 32 Omistaja(t): Juha Heino Tilta Merkki\/malli:\u00a0Finnsport 8500 Cruiser Omistaja(t): Outi ja Tapio Tarkia Belleza Merkki\/malli: West-Coast 1005 FB Omistaja(t): Kari Renvall Merit\u00e4hti II Merkki\/malli: Finnsport 8500 Cruiser Omistaja(t): &#8230; <a title=\"Moottoriveneet\" class=\"read-more\" href=\"https:\/\/www.rtvry.fi\/?page_id=183\">Lue lis\u00e4\u00e4<\/a><\/p>\n","protected":false},"author":1,"featured_media":0,"parent":186,"menu_order":0,"comment_status":"closed","ping_status":"closed","template":"","meta":{"generate_page_header":""},"_links":{"self":[{"href":"https:\/\/www.rtvry.fi\/index.php?rest_route=\/wp\/v2\/pages\/183"}],"collection":[{"href":"https:\/\/www.rtvry.fi\/index.php?rest_route=\/wp\/v2\/pages"}],"about":[{"href":"https:\/\/www.rtvry.fi\/index.php?rest_route=\/wp\/v2\/types\/page"}],"author":[{"embeddable":true,"href":"https:\/\/www.rtvry.fi\/index.php?rest_route=\/wp\/v2\/users\/1"}],"replies":[{"embeddable":true,"href":"https:\/\/www.rtvry.fi\/index.php?rest_route=%2Fwp%2Fv2%2Fcomments&post=183"}],"version-history":[{"count":70,"href":"https:\/\/www.rtvry.fi\/index.php?rest_route=\/wp\/v2\/pages\/183\/revisions"}],"predecessor-version":[{"id":1062,"href":"https:\/\/www.rtvry.fi\/index.php?rest_route=\/wp\/v2\/pages\/183\/revisions\/1062"}],"up":[{"embeddable":true,"href":"https:\/\/www.rtvry.fi\/index.php?rest_route=\/wp\/v2\/pages\/186"}],"wp:attachment":[{"href":"https:\/\/www.rtvry.fi\/index.php?rest_route=%2Fwp%2Fv2%2Fmedia&parent=183"}],"curies":[{"name":"wp","href":"https:\/\/api.w.org\/{rel}","templated":true}]}}